{"version":"1.0","provider_name":"Association pour la recherche et l&#039;archivage de la m\u00e9moire arm\u00e9nienne (ARAM)","provider_url":"https:\/\/webaram.com\/en","author_name":"adminaram","author_url":"https:\/\/webaram.com\/en\/author\/adminaram","title":"L'actualit\u00e9 du G\u00e9nocide des Arm\u00e9niens - Association pour la recherche et l&#039;archivage de la m\u00e9moire arm\u00e9nienne (ARAM)","type":"rich","width":600,"height":338,"html":"<blockquote class=\"wp-embedded-content\" data-secret=\"AJGwzDYJtS\"><a href=\"https:\/\/webaram.com\/en\/biblio\/livre\/lactualite-du-genocide-des-armeniens\">L&#8217;actualit\u00e9 du G\u00e9nocide des Arm\u00e9niens<\/a><\/blockquote><iframe sandbox=\"allow-scripts\" security=\"restricted\" src=\"https:\/\/webaram.com\/en\/biblio\/livre\/lactualite-du-genocide-des-armeniens\/embed#?secret=AJGwzDYJtS\" width=\"600\" height=\"338\" title=\"&#8220;L&#8217;actualit\u00e9 du G\u00e9nocide des Arm\u00e9niens&#8221; &#8212; Association pour la recherche et l&#039;archivage de la m\u00e9moire arm\u00e9nienne (ARAM)\" data-secret=\"AJGwzDYJtS\" frameborder=\"0\" marginwidth=\"0\" marginheight=\"0\" scrolling=\"no\" class=\"wp-embedded-content\"><\/iframe><script type=\"text\/javascript\">\n\/* <![CDATA[ *\/\n\/*! This file is auto-generated *\/\n!function(d,l){\"use strict\";l.querySelector&&d.addEventListener&&\"undefined\"!=typeof URL&&(d.wp=d.wp||{},d.wp.receiveEmbedMessage||(d.wp.receiveEmbedMessage=function(e){var t=e.data;if((t||t.secret||t.message||t.value)&&!\/[^a-zA-Z0-9]\/.test(t.secret)){for(var s,r,n,a=l.querySelectorAll('iframe[data-secret=\"'+t.secret+'\"]'),o=l.querySelectorAll('blockquote[data-secret=\"'+t.secret+'\"]'),c=new RegExp(\"^https?:$\",\"i\"),i=0;i<o.length;i++)o[i].style.display=\"none\";for(i=0;i<a.length;i++)s=a[i],e.source===s.contentWindow&&(s.removeAttribute(\"style\"),\"height\"===t.message?(1e3<(r=parseInt(t.value,10))?r=1e3:~~r<200&&(r=200),s.height=r):\"link\"===t.message&&(r=new URL(s.getAttribute(\"src\")),n=new URL(t.value),c.test(n.protocol))&&n.host===r.host&&l.activeElement===s&&(d.top.location.href=t.value))}},d.addEventListener(\"message\",d.wp.receiveEmbedMessage,!1),l.addEventListener(\"DOMContentLoaded\",function(){for(var e,t,s=l.querySelectorAll(\"iframe.wp-embedded-content\"),r=0;r<s.length;r++)(t=(e=s[r]).getAttribute(\"data-secret\"))||(t=Math.random().toString(36).substring(2,12),e.src+=\"#?secret=\"+t,e.setAttribute(\"data-secret\",t)),e.contentWindow.postMessage({message:\"ready\",secret:t},\"*\")},!1)))}(window,document);\n\/\/# sourceURL=https:\/\/webaram.com\/wp-includes\/js\/wp-embed.min.js\n\/* ]]> *\/\n<\/script>\n","description":"Le premier g\u00e9nocide du XX\u00e8me si\u00e8cle, celui des Arm\u00e9niens en 1915, n&#8217;a toujours pas \u00e9t\u00e9 reconnu par le pays qui l&#8217;a commis, la Turquie. La R\u00e9publique turque, h\u00e9riti\u00e8re du gouvernement jeune-turc, au pouvoir pendant la Premi\u00e8re Guerre mondiale, refuse l&#8217;id\u00e9e que celui-ci ait eu l&#8217;intention d&#8217;exterminer les Arm\u00e9niens et rejette le bilan, sup\u00e9rieur \u00e0 un &hellip; Continued"}